{"id":96,"date":"2021-08-11T16:34:24","date_gmt":"2021-08-11T14:34:24","guid":{"rendered":"http:\/\/refuge-athena.fr\/?page_id=96"},"modified":"2026-02-08T17:37:13","modified_gmt":"2026-02-08T16:37:13","slug":"gite-de-groupe","status":"publish","type":"page","link":"https:\/\/refuge-athena.fr\/","title":{"rendered":"Le Domaine d&rsquo;Ath\u00e9na"},"content":{"rendered":"<div class=\"wp-block-image\">\n<figure class=\"aligncenter size-large\"><a href=\"https:\/\/refuge-athena.fr\/wp-content\/uploads\/2025\/05\/Domaine-Athena-scaled.jpg\"><img loading=\"lazy\" decoding=\"async\" width=\"1024\" height=\"576\" src=\"https:\/\/refuge-athena.fr\/wp-content\/uploads\/2025\/05\/Domaine-Athena-1024x576.jpg\" alt=\"\" class=\"wp-image-1115\" srcset=\"https:\/\/refuge-athena.fr\/wp-content\/uploads\/2025\/05\/Domaine-Athena-1024x576.jpg 1024w, https:\/\/refuge-athena.fr\/wp-content\/uploads\/2025\/05\/Domaine-Athena-300x169.jpg 300w, https:\/\/refuge-athena.fr\/wp-content\/uploads\/2025\/05\/Domaine-Athena-768x432.jpg 768w, https:\/\/refuge-athena.fr\/wp-content\/uploads\/2025\/05\/Domaine-Athena-1536x864.jpg 1536w, https:\/\/refuge-athena.fr\/wp-content\/uploads\/2025\/05\/Domaine-Athena-2048x1152.jpg 2048w\" sizes=\"auto, (max-width: 1024px) 100vw, 1024px\" \/><\/a><\/figure>\n<\/div>\n\n<div class=\"wp-block-image\">\n<figure class=\"alignleft size-full\"><img loading=\"lazy\" decoding=\"async\" width=\"86\" height=\"110\" src=\"https:\/\/refuge-athena.fr\/wp-content\/uploads\/2022\/07\/pnr-vexin.png\" alt=\"\" class=\"wp-image-876\"\/><\/figure>\n<\/div>\n\n\n<p id=\"block-5b0aec3b-9175-4cba-83cb-d7ebc5fa2e8f\"><strong>Le Domaine d&rsquo;Ath\u00e9na, au c\u0153ur du <a href=\"http:\/\/www.pnr-vexin-francais.fr\" target=\"_blank\" rel=\"noreferrer noopener\">Parc Naturel R\u00e9gional du Vexin Francais<\/a> propose un h\u00e9bergement de groupe <\/strong><strong> pour huit \u00e0 dix personnes, <\/strong><\/p>\n\n\n<div class=\"wp-block-image\">\n<figure class=\"aligncenter size-large\"><a href=\"https:\/\/refuge-athena.fr\/wp-content\/uploads\/2022\/05\/1652727948406-scaled.jpg\"><img loading=\"lazy\" decoding=\"async\" width=\"771\" height=\"1024\" src=\"https:\/\/refuge-athena.fr\/wp-content\/uploads\/2022\/05\/1652727948406-771x1024.jpg\" alt=\"\" class=\"wp-image-781\" srcset=\"https:\/\/refuge-athena.fr\/wp-content\/uploads\/2022\/05\/1652727948406-771x1024.jpg 771w, https:\/\/refuge-athena.fr\/wp-content\/uploads\/2022\/05\/1652727948406-226x300.jpg 226w, https:\/\/refuge-athena.fr\/wp-content\/uploads\/2022\/05\/1652727948406-768x1020.jpg 768w, https:\/\/refuge-athena.fr\/wp-content\/uploads\/2022\/05\/1652727948406-1157x1536.jpg 1157w, https:\/\/refuge-athena.fr\/wp-content\/uploads\/2022\/05\/1652727948406-1542x2048.jpg 1542w, https:\/\/refuge-athena.fr\/wp-content\/uploads\/2022\/05\/1652727948406-scaled.jpg 1928w\" sizes=\"auto, (max-width: 771px) 100vw, 771px\" \/><\/a><\/figure>\n<\/div>\n\n\n<p id=\"block-5b0aec3b-9175-4cba-83cb-d7ebc5fa2e8f\"><strong><a href=\"https:\/\/refuge-athena.fr\/?page_id=88\">Le G\u00eete<\/a>, ouvert en 2021, est, \u00e0 l&rsquo;image des refuges de montagne, dot\u00e9 d&rsquo;une chambre de 8 lits simples et d&rsquo;une vaste pi\u00e8ce d&rsquo;accueil comportant une cuisine, salon et salle \u00e0 manger et un espace d&rsquo;activit\u00e9s. Abrit\u00e9 dans ancien grenier \u00e0 grains r\u00e9nov\u00e9, le g\u00eete est vaste, confortable et authentique.<\/strong><\/p>\n\n\n<div class=\"wp-block-image\">\n<figure class=\"aligncenter size-large\"><a href=\"https:\/\/refuge-athena.fr\/wp-content\/uploads\/2022\/05\/20220405_094739-scaled.jpg\"><img loading=\"lazy\" decoding=\"async\" width=\"1024\" height=\"768\" src=\"https:\/\/refuge-athena.fr\/wp-content\/uploads\/2022\/05\/20220405_094739-1024x768.jpg\" alt=\"\" class=\"wp-image-764\" srcset=\"https:\/\/refuge-athena.fr\/wp-content\/uploads\/2022\/05\/20220405_094739-1024x768.jpg 1024w, https:\/\/refuge-athena.fr\/wp-content\/uploads\/2022\/05\/20220405_094739-300x225.jpg 300w, https:\/\/refuge-athena.fr\/wp-content\/uploads\/2022\/05\/20220405_094739-768x576.jpg 768w, https:\/\/refuge-athena.fr\/wp-content\/uploads\/2022\/05\/20220405_094739-1536x1152.jpg 1536w, https:\/\/refuge-athena.fr\/wp-content\/uploads\/2022\/05\/20220405_094739-2048x1536.jpg 2048w\" sizes=\"auto, (max-width: 1024px) 100vw, 1024px\" \/><\/a><\/figure>\n<\/div>\n\n<div class=\"wp-block-image\">\n<figure class=\"aligncenter size-large\"><a href=\"https:\/\/refuge-athena.fr\/wp-content\/uploads\/2023\/07\/Dortoir1.jpg\"><img loading=\"lazy\" decoding=\"async\" width=\"1024\" height=\"768\" src=\"https:\/\/refuge-athena.fr\/wp-content\/uploads\/2023\/07\/Dortoir1-1024x768.jpg\" alt=\"\" class=\"wp-image-1021\" srcset=\"https:\/\/refuge-athena.fr\/wp-content\/uploads\/2023\/07\/Dortoir1-1024x768.jpg 1024w, https:\/\/refuge-athena.fr\/wp-content\/uploads\/2023\/07\/Dortoir1-300x225.jpg 300w, https:\/\/refuge-athena.fr\/wp-content\/uploads\/2023\/07\/Dortoir1-768x576.jpg 768w, https:\/\/refuge-athena.fr\/wp-content\/uploads\/2023\/07\/Dortoir1.jpg 1174w\" sizes=\"auto, (max-width: 1024px) 100vw, 1024px\" \/><\/a><\/figure>\n<\/div>\n\n\n<hr class=\"wp-block-separator has-alpha-channel-opacity\"\/>\n\n\n\n<p><\/p>\n\n\n\n<p>Entour\u00e9 de pr\u00e9s attenants bord\u00e9s d\u2019un ruisseau et d\u2019un petit \u00e9tang, l\u2019ensemble offre un d\u00e9paysement apaisant \u00e0 70 km de Paris. <strong>Nous proposons le pr\u00eat de VTT pour <a href=\"https:\/\/refuge-athena.fr\/wp-admin\/post.php?post=230&amp;action=edit\">d\u00e9couvrir le Vexin autour de Chaussy<\/a>.<\/strong><\/p>\n\n\n\n<p>Nous avons voulu cr\u00e9er ici un lieu de convivialit\u00e9, de partage et d&rsquo;\u00e9change autour de la randonn\u00e9e, \u00e0 pied, \u00e0 cheval ou \u00e0 v\u00e9lo ou de s\u00e9jours de d\u00e9couverte dans la nature que nous pr\u00e9servons sur les terres de la Ferme. Un g\u00eete o\u00f9 l&rsquo;on peut se reconnecter avec la r\u00e9alit\u00e9 de notre environnement et profiter de <a href=\"https:\/\/refuge-athena.fr\/?page_id=277\" data-type=\"URL\" data-id=\"https:\/\/refuge-athena.fr\/?page_id=277\">stages de d\u00e9couvertes<\/a> d&rsquo;activit\u00e9s-loisirs.<\/p>\n\n\n\n<hr class=\"wp-block-separator has-alpha-channel-opacity\"\/>\n\n\n\n<p><strong>Merci de noter que le Domaine d&rsquo;Ath\u00e9na est non fumeur et que nous ne souhaitons pas accueillir de f\u00eates. Ainsi nous h\u00e9bergeons, au plus, 10 personnes par nuit\u00e9e.<\/strong><\/p>\n\n\n\n<hr class=\"wp-block-separator has-alpha-channel-opacity\"\/>\n\n\n<div class=\"wp-block-image\">\n<figure class=\"alignleft is-resized\"><img decoding=\"async\" src=\"https:\/\/refuge-athena.fr\/wp-content\/uploads\/2021\/08\/20180623_083850-edited-scaled.jpg\" alt=\"L\u2019attribut alt de cette image est vide, son nom de fichier est 20180623_083850-edited-scaled.jpg.\" style=\"width:201px;height:357px\"\/><figcaption class=\"wp-element-caption\">Chouchou !<\/figcaption><\/figure>\n<\/div>\n\n\n<p id=\"block-5b0aec3b-9175-4cba-83cb-d7ebc5fa2e8f\"><strong>Notre Domaine tient son nom du fait qu&rsquo;il abrite une famille de chouettes chev\u00eaches fid\u00e8le depuis des ann\u00e9es<\/strong>&#8230; Dans la&nbsp;mythologie grecque, la&nbsp;<a href=\"https:\/\/fr.wikipedia.org\/wiki\/Chev%C3%AAche_d%27Ath%C3%A9na\">Chouette chev\u00eache<\/a>&nbsp;repr\u00e9sente <a href=\"https:\/\/fr.wikipedia.org\/wiki\/Ath%C3%A9na\">Ath\u00e9na<\/a>, la d\u00e9esse de la sagesse. <\/p>\n\n\n\n<p id=\"block-5b0aec3b-9175-4cba-83cb-d7ebc5fa2e8f\">L&rsquo;oiseau, souvent appel\u00e9 chouette d&rsquo;Ath\u00e9na, a \u00e9t\u00e9 utilis\u00e9 comme symbole de la connaissance, de la sagesse, de la perspicacit\u00e9 et de l&rsquo;\u00e9rudition dans le&nbsp;monde occidental.<\/p>\n\n\n\n<hr class=\"wp-block-separator has-alpha-channel-opacity\"\/>\n\n\n\n<p id=\"block-5b0aec3b-9175-4cba-83cb-d7ebc5fa2e8f\">Le village de Chaussy est situ\u00e9 au c\u0153ur du Vexin Fran\u00e7ais. Il abrite le   Domaine de Villarceaux. A quelques kilom\u00e8tres on visitera la vall\u00e9e de la Seine et ses falaises troglodytes calcaires ponctu\u00e9e des villages de la Roche Guyon, V\u00e9theuil, Ch\u00e9rence et Giverny qui ont h\u00e9berg\u00e9 les Impressionnistes.<\/p>\n\n\n\n<p id=\"block-4061f9ac-4673-4334-aee4-ca4a4b082e73\">Nous sommes \u00e9galement voisin d&rsquo;un golf r\u00e9put\u00e9, le <a href=\"https:\/\/www.villarceaux.com\/en\/home\/\" target=\"_blank\" rel=\"noreferrer noopener\">golf de Villarceaux<\/a> et de celui, plus r\u00e9cent, de <a href=\"https:\/\/www.golf-maudetour.fr\/\" target=\"_blank\" rel=\"noreferrer noopener\">Maud\u00e9tour<\/a>.<\/p>\n\n\n\n<p id=\"block-92ca77a2-fded-4cdc-a662-b6200d098318\">La Ferme permet \u00e9galement d&rsquo;accueillir des chevaux. Le village \u00e9tant situ\u00e9 sur l&rsquo;Avenue Verte (Le Paris-Londres \u00e0 v\u00e9lo), nous proposons \u00e9galement un atelier v\u00e9lo pour les petites avaries.<\/p>\n\n\n\n<figure class=\"wp-block-image size-large\"><img loading=\"lazy\" decoding=\"async\" width=\"1024\" height=\"576\" src=\"https:\/\/refuge-athena.fr\/wp-content\/uploads\/2023\/07\/cropped-exterieurs-jour-scaled-1-1024x576.jpg\" alt=\"\" class=\"wp-image-1025\" srcset=\"https:\/\/refuge-athena.fr\/wp-content\/uploads\/2023\/07\/cropped-exterieurs-jour-scaled-1-1024x576.jpg 1024w, https:\/\/refuge-athena.fr\/wp-content\/uploads\/2023\/07\/cropped-exterieurs-jour-scaled-1-300x169.jpg 300w, https:\/\/refuge-athena.fr\/wp-content\/uploads\/2023\/07\/cropped-exterieurs-jour-scaled-1-768x432.jpg 768w, https:\/\/refuge-athena.fr\/wp-content\/uploads\/2023\/07\/cropped-exterieurs-jour-scaled-1.jpg 1260w\" sizes=\"auto, (max-width: 1024px) 100vw, 1024px\" \/><\/figure>\n","protected":false},"excerpt":{"rendered":"<p>Le Domaine d&rsquo;Ath\u00e9na, au c\u0153ur du Parc Naturel R\u00e9gional du Vexin Francais propose un h\u00e9bergement de groupe pour huit \u00e0 dix personnes, Le G\u00eete, ouvert en 2021, est, \u00e0 l&rsquo;image des refuges de montagne, dot\u00e9 d&rsquo;une chambre de 8 lits simples et d&rsquo;une vaste pi\u00e8ce d&rsquo;accueil comportant une cuisine, salon et salle \u00e0 manger et &hellip; <a href=\"https:\/\/refuge-athena.fr\/\" class=\"more-link\">Continuer la lecture de <span class=\"screen-reader-text\">Le Domaine d&rsquo;Ath\u00e9na<\/span>  <span class=\"meta-nav\">&rarr;<\/span><\/a><\/p>\n","protected":false},"author":1,"featured_media":0,"parent":0,"menu_order":0,"comment_status":"closed","ping_status":"closed","template":"","meta":{"footnotes":""},"class_list":["post-96","page","type-page","status-publish","hentry"],"_links":{"self":[{"href":"https:\/\/refuge-athena.fr\/index.php?rest_route=\/wp\/v2\/pages\/96","targetHints":{"allow":["GET"]}}],"collection":[{"href":"https:\/\/refuge-athena.fr\/index.php?rest_route=\/wp\/v2\/pages"}],"about":[{"href":"https:\/\/refuge-athena.fr\/index.php?rest_route=\/wp\/v2\/types\/page"}],"author":[{"embeddable":true,"href":"https:\/\/refuge-athena.fr\/index.php?rest_route=\/wp\/v2\/users\/1"}],"replies":[{"embeddable":true,"href":"https:\/\/refuge-athena.fr\/index.php?rest_route=%2Fwp%2Fv2%2Fcomments&post=96"}],"version-history":[{"count":83,"href":"https:\/\/refuge-athena.fr\/index.php?rest_route=\/wp\/v2\/pages\/96\/revisions"}],"predecessor-version":[{"id":1167,"href":"https:\/\/refuge-athena.fr\/index.php?rest_route=\/wp\/v2\/pages\/96\/revisions\/1167"}],"wp:attachment":[{"href":"https:\/\/refuge-athena.fr\/index.php?rest_route=%2Fwp%2Fv2%2Fmedia&parent=96"}],"curies":[{"name":"wp","href":"https:\/\/api.w.org\/{rel}","templated":true}]}}