{"id":230,"date":"2021-08-12T16:40:18","date_gmt":"2021-08-12T14:40:18","guid":{"rendered":"http:\/\/refuge-athena.fr\/?page_id=230"},"modified":"2023-09-14T17:11:26","modified_gmt":"2023-09-14T15:11:26","slug":"accueil-cyclotouriste","status":"publish","type":"page","link":"https:\/\/refuge-athena.fr\/?page_id=230","title":{"rendered":"Cyclotouristes"},"content":{"rendered":"<div class=\"wp-block-image\">\n<figure class=\"alignleft size-full is-resized\"><a href=\"https:\/\/www.francevelotourisme.com\/accueil-velo\" target=\"_blank\" rel=\"noopener\"><img loading=\"lazy\" decoding=\"async\" src=\"https:\/\/refuge-athena.fr\/wp-content\/uploads\/2021\/09\/ACCUEIL-VELO_LOGO_CMJN.jpg\" alt=\"\" class=\"wp-image-440\" width=\"113\" height=\"151\" srcset=\"https:\/\/refuge-athena.fr\/wp-content\/uploads\/2021\/09\/ACCUEIL-VELO_LOGO_CMJN.jpg 709w, https:\/\/refuge-athena.fr\/wp-content\/uploads\/2021\/09\/ACCUEIL-VELO_LOGO_CMJN-225x300.jpg 225w\" sizes=\"auto, (max-width: 113px) 100vw, 113px\" \/><\/a><\/figure>\n<\/div>\n\n\n<p><strong>Nous accueillons avec plaisir les cyclotouristes. Le Refuge d&rsquo;Ath\u00e9na dispose du label \u00ab\u00a0Accueil v\u00e9lo\u00a0\u00bb, gage d&rsquo;un accueil de qualit\u00e9 qui prend en compte les sp\u00e9cificit\u00e9s des cyclotouristes.<\/strong><\/p>\n\n\n\n<p>Situ\u00e9s sur le <a href=\"https:\/\/www.avenuevertelondonparis.com\/\" target=\"_blank\" rel=\"noreferrer noopener\">Paris-Londres<\/a> , plus pr\u00e9cis\u00e9ment sur la  <a data-type=\"URL\" data-id=\"https:\/\/www.avenuevertelondonparis.com\/itineraire\/maisons-laffitte-chaussy\" rel=\"noreferrer noopener\" href=\"https:\/\/www.avenuevertelondonparis.com\/itineraire\/maisons-laffitte-chaussy\" target=\"_blank\">deuxi\u00e8me \u00e9tape<\/a> (voir ci-dessous), nous sommes engag\u00e9s \u00e0 vous fournir des services correspondants \u00e0 vos besoins d&rsquo;h\u00e9bergement, de conseils et d&rsquo;entretien de vos v\u00e9los. Nous pouvons \u00e9galement assurer les transferts vers vos h\u00e9bergements, vous conseiller des balades locales en VTT, r\u00e9parer les petites avaries etc&#8230; Nous mettons \u00e0 votre disposition karcher, compresseur et mat\u00e9riel de d\u00e9pannage ainsi que les pi\u00e8ces courantes (chambre \u00e0 air, rustines, c\u00e2bles etc.)<\/p>\n\n\n\n<p>Au refuge d&rsquo;Ath\u00e9na, votre \u00e9tape sera destin\u00e9e avant tout \u00e0 vous ressourcer et reprendre des forces pour le suite de votre voyage. N&rsquo;h\u00e9sitez pas \u00e0 nous appeler pour nous poser toutes les questions que vous auriez.<\/p>\n\n\n<div class=\"wp-block-image\">\n<figure class=\"aligncenter size-large\"><a href=\"https:\/\/refuge-athena.fr\/wp-content\/uploads\/2021\/09\/20210909_122644-scaled-e1631183693943.jpg\"><img loading=\"lazy\" decoding=\"async\" width=\"988\" height=\"1024\" src=\"https:\/\/refuge-athena.fr\/wp-content\/uploads\/2021\/09\/20210909_122644-scaled-e1631183693943-988x1024.jpg\" alt=\"\" class=\"wp-image-431\" srcset=\"https:\/\/refuge-athena.fr\/wp-content\/uploads\/2021\/09\/20210909_122644-scaled-e1631183693943-988x1024.jpg 988w, https:\/\/refuge-athena.fr\/wp-content\/uploads\/2021\/09\/20210909_122644-scaled-e1631183693943-289x300.jpg 289w, https:\/\/refuge-athena.fr\/wp-content\/uploads\/2021\/09\/20210909_122644-scaled-e1631183693943-768x796.jpg 768w, https:\/\/refuge-athena.fr\/wp-content\/uploads\/2021\/09\/20210909_122644-scaled-e1631183693943-1482x1536.jpg 1482w, https:\/\/refuge-athena.fr\/wp-content\/uploads\/2021\/09\/20210909_122644-scaled-e1631183693943.jpg 1920w\" sizes=\"auto, (max-width: 988px) 100vw, 988px\" \/><\/a><figcaption class=\"wp-element-caption\">L&rsquo;atelier v\u00e9lo<\/figcaption><\/figure>\n<\/div>\n\n\n<h2 class=\"wp-block-heading\">Rando cyclo \u00ab\u00a0Vall\u00e9e des impressionnistes\u00a0\u00bb<\/h2>\n\n\n\n<div data-wp-interactive=\"core\/file\" class=\"wp-block-file\"><object data-wp-bind--hidden=\"!state.hasPdfPreview\" hidden class=\"wp-block-file__embed\" data=\"https:\/\/refuge-athena.fr\/wp-content\/uploads\/2022\/07\/Randonnee-autour-de-Chaussy-1-journee.pdf\" type=\"application\/pdf\" style=\"width:100%;height:600px\" aria-label=\"Contenu embarqu\u00e9 Randonnee-autour-de-Chaussy-1-journee.\"><\/object><a id=\"wp-block-file--media-9afacc70-1107-44c2-b9d9-20ab5c855d38\" href=\"https:\/\/refuge-athena.fr\/wp-content\/uploads\/2022\/07\/Randonnee-autour-de-Chaussy-1-journee.pdf\">Randonnee-autour-de-Chaussy-1-journee<\/a><a href=\"https:\/\/refuge-athena.fr\/wp-content\/uploads\/2022\/07\/Randonnee-autour-de-Chaussy-1-journee.pdf\" class=\"wp-block-file__button wp-element-button\" download aria-describedby=\"wp-block-file--media-9afacc70-1107-44c2-b9d9-20ab5c855d38\">T\u00e9l\u00e9charger<\/a><\/div>\n\n\n\n<h2>Chaussy, 2\u00e8me \u00e9tape du Paris-Londres<\/h2>\n<iframe loading=\"lazy\" align=\"middle\" frameborder=\"0\" height=\"760\" scrolling=\"auto\" src=\"https:\/\/www.francevelotourisme.com\/widget\/etape\/512?poi=apidae-5927630&amp;btsite=Voir%20le%20site%20officiel&amp;btetape=D%C3%A9tails%20de%20l%27%C3%A9tape\" width=\"100%\"> <\/iframe>\n\n\n\n<h2 class=\"wp-block-heading\">Pr\u00eat de v\u00e9los<\/h2>\n\n\n\n<p>Si vous d\u00e9sirez r\u00e9server des v\u00e9los, merci de nous l\u2019indiquer lors de votre r\u00e9servation. <\/p>\n\n\n\n<p><\/p>\n","protected":false},"excerpt":{"rendered":"<p>Nous accueillons avec plaisir les cyclotouristes. Le Refuge d&rsquo;Ath\u00e9na dispose du label \u00ab\u00a0Accueil v\u00e9lo\u00a0\u00bb, gage d&rsquo;un accueil de qualit\u00e9 qui prend en compte les sp\u00e9cificit\u00e9s des cyclotouristes. Situ\u00e9s sur le Paris-Londres , plus pr\u00e9cis\u00e9ment sur la deuxi\u00e8me \u00e9tape (voir ci-dessous), nous sommes engag\u00e9s \u00e0 vous fournir des services correspondants \u00e0 vos besoins d&rsquo;h\u00e9bergement, de conseils &hellip; <a href=\"https:\/\/refuge-athena.fr\/?page_id=230\" class=\"more-link\">Continuer la lecture de <span class=\"screen-reader-text\">Cyclotouristes<\/span>  <span class=\"meta-nav\">&rarr;<\/span><\/a><\/p>\n","protected":false},"author":1,"featured_media":0,"parent":0,"menu_order":0,"comment_status":"open","ping_status":"closed","template":"","meta":{"footnotes":""},"class_list":["post-230","page","type-page","status-publish","hentry"],"_links":{"self":[{"href":"https:\/\/refuge-athena.fr\/index.php?rest_route=\/wp\/v2\/pages\/230","targetHints":{"allow":["GET"]}}],"collection":[{"href":"https:\/\/refuge-athena.fr\/index.php?rest_route=\/wp\/v2\/pages"}],"about":[{"href":"https:\/\/refuge-athena.fr\/index.php?rest_route=\/wp\/v2\/types\/page"}],"author":[{"embeddable":true,"href":"https:\/\/refuge-athena.fr\/index.php?rest_route=\/wp\/v2\/users\/1"}],"replies":[{"embeddable":true,"href":"https:\/\/refuge-athena.fr\/index.php?rest_route=%2Fwp%2Fv2%2Fcomments&post=230"}],"version-history":[{"count":28,"href":"https:\/\/refuge-athena.fr\/index.php?rest_route=\/wp\/v2\/pages\/230\/revisions"}],"predecessor-version":[{"id":1043,"href":"https:\/\/refuge-athena.fr\/index.php?rest_route=\/wp\/v2\/pages\/230\/revisions\/1043"}],"wp:attachment":[{"href":"https:\/\/refuge-athena.fr\/index.php?rest_route=%2Fwp%2Fv2%2Fmedia&parent=230"}],"curies":[{"name":"wp","href":"https:\/\/api.w.org\/{rel}","templated":true}]}}