{"id":140,"date":"2021-08-11T18:06:09","date_gmt":"2021-08-11T16:06:09","guid":{"rendered":"http:\/\/refuge-athena.fr\/?page_id=140"},"modified":"2023-10-09T22:48:34","modified_gmt":"2023-10-09T20:48:34","slug":"activites","status":"publish","type":"page","link":"https:\/\/refuge-athena.fr\/?page_id=140","title":{"rendered":"Activit\u00e9s"},"content":{"rendered":"\n<p>Autour du Domaine d&rsquo;Ath\u00e9na vous pourrez avoir de nombreuses activit\u00e9s. <br><strong>Au del\u00e0 , bien s\u00fbr, de courtes promenades sur le domaine, vous pourrez aller jusqu&rsquo;au domaine de Villarceaux en partie par un sentier, le chemin des Porcherons, qui vous fera d\u00e9couvrir la for\u00eat et les sentiers du Vexin pour d\u00e9boucher sur les ch\u00e2teaux du Domaine de Villarceaux , dont vous pourrez <strong>notamment<\/strong><\/strong> <strong>visiter les jardins. Vous pourrez \u00e9galement acc\u00e9der \u00e0 la Ferme de la Bergerie (boulangerie bio, maraicher bio&#8230;)<\/strong><\/p>\n\n\n\n<h2 class=\"wp-block-heading\">Sentiers de randonn\u00e9e p\u00e9destre<\/h2>\n\n\n\n<p><strong>Le <strong><a rel=\"noreferrer noopener\" href=\"http:\/\/www.pnr-vexin-francais.fr\" target=\"_blank\">Parc Naturel R\u00e9gional du Vexin Francais<\/a><\/strong> est un territoire privil\u00e9gi\u00e9 en Ile-de-France pour la pratique de la randonn\u00e9e. Il compte :<\/strong><\/p>\n\n\n\n<p>&#8211; 66 itin\u00e9raires de Promenade et de Randonn\u00e9e (PR) soit 860 km,<br>&#8211; 3 sentiers de Grande Randonn\u00e9e (GR1, GR2 et GR11) soit 150 km,<br>&#8211; 2 sentiers de Grande Randonn\u00e9e de Pays (GRP de la Vall\u00e9e de l\u2019Epte et GRP de la Ceinture verte) soit 30 km.<br><br>Le Parc a install\u00e9 dans une vingtaine de communes du mobilier d\u2019information au point de d\u00e9part des itin\u00e9raires de randonn\u00e9e.<\/p>\n\n\n\n<p>Les itin\u00e9raires de Promenade et de Randonn\u00e9e (PR) forment un maillage sur le territoire du Parc. Ils sont d\u00e9crits dans des \u00ab\u00a0pochettes randonn\u00e9e\u00a0\u00bb \u00e9dit\u00e9es par le Parc dont celui de notre r\u00e9gion :<br><a rel=\"noreferrer noopener\" target=\"_blank\" href=\"http:\/\/www.cdrp95.com\/idees-rando-pochette-epte.html\">Les vall\u00e9es de l\u2019Epte et de l\u2019Aubette de Magny<\/a>.<\/p>\n\n\n\n<hr class=\"wp-block-separator has-css-opacity\"\/>\n\n\n\n<h2 class=\"wp-block-heading\">A v\u00e9lo (\u00e9lectriques) vers Giverny !<\/h2>\n\n\n<div class=\"wp-block-image\">\n<figure class=\"aligncenter size-large is-resized\"><img loading=\"lazy\" decoding=\"async\" src=\"https:\/\/refuge-athena.fr\/wp-content\/uploads\/2022\/05\/le-jardin-d-eau-1024x513.jpg\" alt=\"\" class=\"wp-image-753\" width=\"515\" height=\"257\" srcset=\"https:\/\/refuge-athena.fr\/wp-content\/uploads\/2022\/05\/le-jardin-d-eau-1024x513.jpg 1024w, https:\/\/refuge-athena.fr\/wp-content\/uploads\/2022\/05\/le-jardin-d-eau-300x150.jpg 300w, https:\/\/refuge-athena.fr\/wp-content\/uploads\/2022\/05\/le-jardin-d-eau-768x384.jpg 768w, https:\/\/refuge-athena.fr\/wp-content\/uploads\/2022\/05\/le-jardin-d-eau-1536x769.jpg 1536w, https:\/\/refuge-athena.fr\/wp-content\/uploads\/2022\/05\/le-jardin-d-eau.jpg 1986w\" sizes=\"auto, (max-width: 515px) 100vw, 515px\" \/><\/figure>\n<\/div>\n\n\n<p><strong>Le tourisme \u00e0 Giverny a une longue histoire, d\u00e9but\u00e9e avec l\u2019arriv\u00e9e du chemin de fer. Bol d\u2019air des Parisiens, laboratoire des peintres, le village a su pr\u00e9server un harmonieux \u00e9quilibre entre sa vie propre et le petit carrefour du monde qu\u2019il est devenu.<\/strong><\/p>\n\n\n\n<p>La pr\u00e9sence de Claude Monet \u00e0&nbsp;<strong>Giverny<\/strong>&nbsp;attira de nombreux artistes de nationalit\u00e9s diverses qui contribu\u00e8rent eux aussi \u00e0 faire de ce site un lieu particuli\u00e8rement embl\u00e9matique. Situ\u00e9 \u00e0 deux pas de la <a href=\"https:\/\/fondation-monet.com\/\" target=\"_blank\" rel=\"noreferrer noopener\"><strong>Fondation Monet<\/strong><\/a>, le <a href=\"https:\/\/www.mdig.fr\/\" target=\"_blank\" rel=\"noreferrer noopener\"><strong>Mus\u00e9e des impressionnismes<\/strong><\/a> contribue lui aussi \u00e0 faire de&nbsp;<strong>Giverny<\/strong>&nbsp;un haut lieu touristique international. On pourra \u00e9galement, pour ceux que cela int\u00e9ressent, visiter un mus\u00e9e des vieilles machines particuli\u00e8rement bien pourvu. <\/p>\n\n\n\n<p>Giver<em>ny est accessible aux v\u00e9los depuis Le Domaine d&rsquo;Ath\u00e9na (17 km) et notamment aux v\u00e9los \u00e9lectriques (ou m\u00e9caniques) que nous vous pr\u00eaterons sur demande (pr\u00e9voyez un ch\u00e9quier pour la caution)<\/em><\/p>\n\n\n\n<h2 class=\"wp-block-heading\">Rando cyclo \u00ab\u00a0Vall\u00e9e des impressionnistes\u00a0\u00bb<\/h2>\n\n\n\n<div data-wp-interactive=\"core\/file\" class=\"wp-block-file\"><object data-wp-bind--hidden=\"!state.hasPdfPreview\" hidden class=\"wp-block-file__embed\" data=\"https:\/\/refuge-athena.fr\/wp-content\/uploads\/2022\/07\/Randonnee-autour-de-Chaussy-1-journee.pdf\" type=\"application\/pdf\" style=\"width:100%;height:600px\" aria-label=\"Contenu embarqu\u00e9 Randonnee-autour-de-Chaussy-1-journee.\"><\/object><a id=\"wp-block-file--media-8400cc0d-3dd4-4db7-aa42-a0f4132fe444\" href=\"https:\/\/refuge-athena.fr\/wp-content\/uploads\/2022\/07\/Randonnee-autour-de-Chaussy-1-journee.pdf\">Randonnee-autour-de-Chaussy-1-journee<\/a><a href=\"https:\/\/refuge-athena.fr\/wp-content\/uploads\/2022\/07\/Randonnee-autour-de-Chaussy-1-journee.pdf\" class=\"wp-block-file__button wp-element-button\" download aria-describedby=\"wp-block-file--media-8400cc0d-3dd4-4db7-aa42-a0f4132fe444\">T\u00e9l\u00e9charger<\/a><\/div>\n\n\n\n<hr class=\"wp-block-separator has-css-opacity\"\/>\n\n\n\n<h2 class=\"wp-block-heading\">Voie verte de la vall\u00e9e de l\u2019Epte<\/h2>\n\n\n<div class=\"wp-block-image\">\n<figure class=\"alignleft size-full is-resized\"><img loading=\"lazy\" decoding=\"async\" src=\"https:\/\/refuge-athena.fr\/wp-content\/uploads\/2021\/08\/voie-verte.jpg\" alt=\"\" class=\"wp-image-358\" width=\"503\" height=\"322\"\/><\/figure>\n<\/div>\n\n\n<p>L<strong>a voie verte de la vall\u00e9e de l\u2019Epte est un parcours de 28 km amenag\u00e9 sur le trac\u00e9 de l\u2019ancienne voie ferr\u00e9e qui reliait Gasny \u00e0 Gisors. <\/strong><\/p>\n\n\n\n<p>De Gisors, capitale historique du Vexin normand, la voie verte chemine vers la Seine en longeant la vall\u00e9e de l\u2019Epte, ancienne fronti\u00e8re entre la Normandie et le royaume de France. Cette voie verte en enrob\u00e9 est ouverte aux usagers p\u00e9destres, aux personnes en fauteuil roulant, aux cyclistes et aux rollers. <\/p>\n\n\n\n<p>Plusieurs aires de pique-nique y ont \u00e9t\u00e9 am\u00e9nag\u00e9es. En chemin, vous pourrez notamment d\u00e9couvrir les ch\u00e2teaux de Gisors et Dangu ainsi que le moulin de Fourges. <\/p>\n\n\n\n<p><a rel=\"noreferrer noopener\" target=\"_blank\" href=\"http:\/\/www.tourisme-gisors.fr\/\">Voir le site de l\u2019Office de tourisme du Vexin Normand<\/a><\/p>\n\n\n\n<hr class=\"wp-block-separator has-css-opacity\"\/>\n\n\n\n<h2 class=\"wp-block-heading\">L&rsquo;avenue verte Londres-Paris<\/h2>\n\n\n<div class=\"wp-block-image\">\n<figure class=\"aligncenter size-large is-resized\"><img loading=\"lazy\" decoding=\"async\" src=\"https:\/\/refuge-athena.fr\/wp-content\/uploads\/2021\/08\/Sagy-unMondeaVelo-1024x683.jpg\" alt=\"\" class=\"wp-image-357\" width=\"501\" height=\"334\" srcset=\"https:\/\/refuge-athena.fr\/wp-content\/uploads\/2021\/08\/Sagy-unMondeaVelo-1024x683.jpg 1024w, https:\/\/refuge-athena.fr\/wp-content\/uploads\/2021\/08\/Sagy-unMondeaVelo-300x200.jpg 300w, https:\/\/refuge-athena.fr\/wp-content\/uploads\/2021\/08\/Sagy-unMondeaVelo-768x512.jpg 768w, https:\/\/refuge-athena.fr\/wp-content\/uploads\/2021\/08\/Sagy-unMondeaVelo-1536x1024.jpg 1536w, https:\/\/refuge-athena.fr\/wp-content\/uploads\/2021\/08\/Sagy-unMondeaVelo-2048x1365.jpg 2048w\" sizes=\"auto, (max-width: 501px) 100vw, 501px\" \/><\/figure>\n<\/div>\n\n\n<p><strong>L\u2019avenue verte London-Paris est un itin\u00e9raire cyclable reliant les deux capitales europ\u00e9ennes en empruntant des voies d\u00e9di\u00e9es aux circulations douces et des voies partag\u00e9es. Long de 406 km, dont 246 km entre Dieppe et Paris, cet itin\u00e9raire traverse le Parc naturel r\u00e9gional du Vexin fran\u00e7ais sur une soixantaine de kilom\u00e8tres.&nbsp;<\/strong><\/p>\n\n\n\n<p>Depuis Cergy-Pontoise, il se s\u00e9pare en 2 branches, l\u2019une remontant le long de la vall\u00e9e de l\u2019Oise, l\u2019autre traversant le plateau du Vexin pour rejoindre la voie verte Gasny-Gisors. <a rel=\"noreferrer noopener\" target=\"_blank\" href=\"http:\/\/www.pnr-vexin-francais.fr\/fr\/carte-des-activites-touristiques\/bdd\/activite\/455\">Voir la fiche d\u00e9taill\u00e9e<\/a><\/p>\n\n\n\n<p>Vous pourrez trouver le descriptif de l\u2019itin\u00e9raire et les informations utiles pour pr\u00e9parer vos sorties \u00e0 v\u00e9lo dans le guide \u00ab\u00a0L\u2019avenue verte London Paris, Paris-Londres \u00e0 v\u00e9lo\u00a0\u00bb (Editions Chamina) et sur le site Internet.<br><a rel=\"noreferrer noopener\" target=\"_blank\" href=\"http:\/\/www.avenuevertelondonparis.com\/\">www.avenuevertelondonparis.com<\/a><\/p>\n\n\n\n<p>Voir une vid\u00e9o du tron\u00e7on qui s&rsquo;arr\u00eate \u00e0 Chaussy : <a rel=\"noreferrer noopener\" href=\"https:\/\/www.dailymotion.com\/video\/xtvbms\" target=\"_blank\">https:\/\/www.dailymotion.com\/video\/xtvbms<\/a><\/p>\n\n\n\n<hr class=\"wp-block-separator has-css-opacity\"\/>\n\n\n\n<h2 class=\"wp-block-heading\">Golf de Villarceaux<\/h2>\n\n\n<div class=\"wp-block-image\">\n<figure class=\"aligncenter size-large is-resized\"><img loading=\"lazy\" decoding=\"async\" src=\"https:\/\/refuge-athena.fr\/wp-content\/uploads\/2021\/08\/Golf.jpg\" alt=\"\" class=\"wp-image-169\" width=\"506\" height=\"330\" srcset=\"https:\/\/refuge-athena.fr\/wp-content\/uploads\/2021\/08\/Golf.jpg 792w, https:\/\/refuge-athena.fr\/wp-content\/uploads\/2021\/08\/Golf-300x195.jpg 300w, https:\/\/refuge-athena.fr\/wp-content\/uploads\/2021\/08\/Golf-768x500.jpg 768w\" sizes=\"auto, (max-width: 506px) 100vw, 506px\" \/><\/figure>\n<\/div>\n\n\n<p><strong>A moins de 60km des portes de Paris, le&nbsp;Golf de Villarceaux&nbsp;\u00e9tend ses 18 trous dans un environnement particuli\u00e8rement pr\u00e9serv\u00e9, autour du Ch\u00e2teau du Couvent et au calme du Parc Naturel du Vexin.<\/strong><\/p>\n\n\n\n<p>Ce par 72 de 6115m, inaugur\u00e9 par Jean Gara\u00efalde en 1971, alterne passages en for\u00eat et points de vue sur les collines du Vexin et offre deux trous \u201csignature\u201d: le n\u00b08 (dit \u201cLe Belv\u00e9d\u00e8re\u201d) et son impressionnant d\u00e9part suivi du 9 (dit \u201cLes Etangs de Ninon\u201d) et son point de vue inoubliable sur le Ch\u00e2teau du Couvent.<br>Visitez leur site : <a rel=\"noreferrer noopener\" href=\"https:\/\/www.villarceaux.com\/en\/home\/\" target=\"_blank\">https:\/\/www.villarceaux.com\/en\/home\/<\/a><\/p>\n\n\n\n<hr class=\"wp-block-separator has-css-opacity\"\/>\n\n\n\n<h2 class=\"wp-block-heading\">Cano\u00e9-Kayak sur l&rsquo;Epte<\/h2>\n\n\n<div class=\"wp-block-image\">\n<figure class=\"aligncenter size-large is-resized\"><img loading=\"lazy\" decoding=\"async\" src=\"https:\/\/refuge-athena.fr\/wp-content\/uploads\/2021\/08\/canoepte_pnr_848-765x1024.jpg\" alt=\"\" class=\"wp-image-356\" width=\"497\" height=\"665\" srcset=\"https:\/\/refuge-athena.fr\/wp-content\/uploads\/2021\/08\/canoepte_pnr_848-765x1024.jpg 765w, https:\/\/refuge-athena.fr\/wp-content\/uploads\/2021\/08\/canoepte_pnr_848-224x300.jpg 224w, https:\/\/refuge-athena.fr\/wp-content\/uploads\/2021\/08\/canoepte_pnr_848-768x1028.jpg 768w, https:\/\/refuge-athena.fr\/wp-content\/uploads\/2021\/08\/canoepte_pnr_848-1147x1536.jpg 1147w, https:\/\/refuge-athena.fr\/wp-content\/uploads\/2021\/08\/canoepte_pnr_848.jpg 1200w\" sizes=\"auto, (max-width: 497px) 100vw, 497px\" \/><\/figure>\n<\/div>\n\n\n<p><strong>S\u2019\u00e9vader sur la plus jolie rivi\u00e8re d\u2019Ile-de-France, \u00e0 seulement 50 minutes de Paris, c\u2019est \u00e0 Saint-Clair-sur-Epte. Embarquez pour 2 heures de d\u00e9paysement ou plus. D\u00e9butants ou confirm\u00e9s, composez votre programme \u00e0 la carte, parmi 3 parcours au choix, avec un retour avec notre navette<\/strong><\/p>\n\n\n\n<p>l&rsquo;Epte est la fronti\u00e8re naturelle entre l\u2019Ile-de-France et la Normandie. Parfois calme, parfois un peu plus rapide, l\u2019Epte r\u00e9serve des surprises, mais qui conviendront toujours aux d\u00e9butants.<\/p>\n\n\n\n<p>En revanche, l\u00e0 o\u00f9 elle est toujours constante, c\u2019est dans sa beaut\u00e9. Bord\u00e9e d\u2019arbres et de champs, elle sinue dans une zone prot\u00e9g\u00e9e Natura 2000, class\u00e9e ainsi par l\u2019Union Europ\u00e9enne pour sa grande valeur patrimoniale, par la faune et la flore exceptionnelles qu\u2019elle contient.<\/p>\n\n\n\n<p>Dans ce paysage apaisant et lumineux, il n\u2019est pas rare de rencontrer des oiseaux, poules d\u2019eau, ragondins, cygnes et bien s\u00fbr les incontournables vaches&nbsp;! Un lieu unique au c\u0153ur du Parc Naturel R\u00e9gional du Vexin fran\u00e7ais.<br>Visitez leur site : <a rel=\"noreferrer noopener\" data-type=\"URL\" data-id=\"https:\/\/www.canoepte.com\" href=\"https:\/\/www.canoepte.com\" target=\"_blank\">https:\/\/www.canoepte.com<\/a><\/p>\n\n\n\n<hr class=\"wp-block-separator has-css-opacity\"\/>\n\n\n\n<h2 class=\"wp-block-heading\">Ballades avec des \u00e2nes dans le Vexin<\/h2>\n\n\n<div class=\"wp-block-image\">\n<figure class=\"aligncenter size-full is-resized\"><img loading=\"lazy\" decoding=\"async\" src=\"https:\/\/refuge-athena.fr\/wp-content\/uploads\/2021\/10\/Baladanes.jpg\" alt=\"\" class=\"wp-image-539\" width=\"528\" height=\"352\" srcset=\"https:\/\/refuge-athena.fr\/wp-content\/uploads\/2021\/10\/Baladanes.jpg 1024w, https:\/\/refuge-athena.fr\/wp-content\/uploads\/2021\/10\/Baladanes-300x200.jpg 300w, https:\/\/refuge-athena.fr\/wp-content\/uploads\/2021\/10\/Baladanes-768x512.jpg 768w\" sizes=\"auto, (max-width: 528px) 100vw, 528px\" \/><\/figure>\n<\/div>\n\n\n<p><strong>Activit\u00e9 balade avec les \u00e2nes et nature (randonn\u00e9e nature, veill\u00e9e, parcours autour de l&rsquo;eau, etc.).<\/strong><\/p>\n\n\n\n<p>Sandrine et Gilles Lemaire : 06.08.28.02.15<br>Site Internet <a rel=\"noreferrer noopener\" href=\"http:\/\/www.anesenvexin.fr\" target=\"_blank\">www.anesenvexin.fr<\/a><\/p>\n\n\n\n<hr class=\"wp-block-separator has-css-opacity\"\/>\n\n\n\n<h2 class=\"wp-block-heading\">Site arch\u00e9ologique de Genainville <\/h2>\n\n\n\n<p>Au creux d\u2019un vallon humide, le sanctuaire gallo-romain des Vaux de la Celle \u00e0 Genainville est un site arch\u00e9ologique exceptionnel. Il se compose des vestiges d\u2019un temple, de bassins monumentaux et d\u2019un th\u00e9\u00e2tre qui pouvait accueillir jusqu\u2019\u00e0 8 000 personnes. Pr\u00e8s de 5 000 objets ont \u00e9t\u00e9 mis au jour et sont pr\u00e9sent\u00e9s au&nbsp;<a target=\"_blank\" href=\"http:\/\/www.valdoise.fr\/musee-archeologique\" rel=\"noreferrer noopener\">mus\u00e9e arch\u00e9ologique du Val d\u2019Oise<\/a>&nbsp;\u00e0 Guiry-en-Vexin.<\/p>\n\n\n\n<p>Le sanctuaire, propri\u00e9t\u00e9 de l\u2019Etat est class\u00e9 Monument historique depuis 1941. Il a \u00e9galement fait l\u2019objet d\u2019une inscription parmi les 30 sites et monuments historiques du patrimoine national retenus pour leur repr\u00e9sentativit\u00e9 au titre de la loi-programme de 1988 relative au patrimoine monumental.<\/p>\n\n\n\n<p><a href=\"http:\/\/www.pnr-vexin-francais.fr\/fichier\/pnr_document\/49\/document_fichier_fr_genainville.pdf\">T\u00e9l\u00e9chargez la plaquette de pr\u00e9sentation du site<\/a>.<\/p>\n\n\n\n<h4 class=\"wp-block-heading\">Conditions de visite<\/h4>\n\n\n\n<p>Le site se visite uniquement sur rendez-vous :<\/p>\n\n\n\n<p>&gt; pour des groupes constitu\u00e9s, visites assur\u00e9es par le&nbsp;<a href=\"http:\/\/www.valdoise.fr\/musee-archeologique\" target=\"_blank\" rel=\"noreferrer noopener\">mus\u00e9e arch\u00e9ologique du Val d\u2019Oise<\/a>&nbsp;ou par l\u2019association de promotion du site de Genainville (APSAGe).<\/p>\n\n\n\n<p>Le site est ouvert au grand public durant les manifestations suivantes : Journ\u00e9es nationales de l\u2019Arch\u00e9ologie (juin), journ\u00e9es du patrimoine (3e week-end de septembre) et les p\u00e9riodes de fouilles. Contactez l\u2019association \u00e9tudiante valdoisienne d\u2019arch\u00e9ologie (<a href=\"http:\/\/www.asso-aeva.com\/\" target=\"_blank\" rel=\"noreferrer noopener\">AEVA<\/a>).<\/p>\n\n\n\n<p>Accessible par des chemins de randonn\u00e9e (5km depuis Chaussy)<br><\/p>\n\n\n\n<hr class=\"wp-block-separator has-css-opacity\"\/>\n\n\n\n<h2 class=\"wp-block-heading\">&nbsp;Parc \u00ab\u00a0Aventure Land\u00a0\u00bb \u00e0 Magny-en-Vexin (7km)<\/h2>\n\n\n<div class=\"wp-block-image\">\n<figure class=\"aligncenter size-large\"><img loading=\"lazy\" decoding=\"async\" width=\"1024\" height=\"333\" src=\"https:\/\/refuge-athena.fr\/wp-content\/uploads\/2022\/06\/parcours-canopee-1024x333.jpg\" alt=\"\" class=\"wp-image-832\" srcset=\"https:\/\/refuge-athena.fr\/wp-content\/uploads\/2022\/06\/parcours-canopee-1024x333.jpg 1024w, https:\/\/refuge-athena.fr\/wp-content\/uploads\/2022\/06\/parcours-canopee-300x98.jpg 300w, https:\/\/refuge-athena.fr\/wp-content\/uploads\/2022\/06\/parcours-canopee-768x250.jpg 768w, https:\/\/refuge-athena.fr\/wp-content\/uploads\/2022\/06\/parcours-canopee-1536x499.jpg 1536w, https:\/\/refuge-athena.fr\/wp-content\/uploads\/2022\/06\/parcours-canopee.jpg 1600w\" sizes=\"auto, (max-width: 1024px) 100vw, 1024px\" \/><\/figure>\n<\/div>\n\n\n<p>Depuis<strong>&nbsp;20 ans<\/strong>, le Parc&nbsp;Aventure Land accueille petits et grands pour une journ\u00e9e inoubliable en plein c\u0153ur du parc naturel r\u00e9gional du Vexin&nbsp;!<br>\u00c9tendu sur<strong>&nbsp;plus de 17 hectares<\/strong>, le parc vous fait profiter d\u2019un cadre unique&nbsp;<strong>\u00e0 moins d\u2019une heure de Paris, aux portes de la Normandie.<\/strong>&nbsp;<\/p>\n\n\n\n<p>En famille ou entre amis, le Parc Aventure Land est la destination id\u00e9ale pour passer une journ\u00e9e d\u2019aventures inoubliable&nbsp;avec&nbsp;<strong>plus de 30 attractions actives et natures<\/strong>.<\/p>\n\n\n\n<p>Parmi toutes nos activit\u00e9s, d\u00e9couvrez ou red\u00e9couvrez le plus grand parcours aventure en for\u00eat&nbsp;d\u2019\u00cele&nbsp;de France,&nbsp;lancez-vous \u00e0 bord du&nbsp;<strong>Vir\u2019Express<\/strong>&nbsp;ou sautez sans peur de la plateforme du&nbsp;<strong>Vertig\u2019Haut<\/strong>.<\/p>\n\n\n\n<p>Pour les moins t\u00e9m\u00e9raires et les plus jeunes, ne ratez pas les&nbsp;<strong>parcours Randonneurs<\/strong>, la piste du&nbsp;<strong>Turbobob<\/strong>, les&nbsp;<strong>trampolines<\/strong>&nbsp;ou&nbsp;la&nbsp;<strong>mini-ferme&#8230;<\/strong><\/p>\n\n\n\n<p>Apr\u00e8s l&rsquo;effort, le r\u00e9confort : vous vous r\u00e9galerez au&nbsp;<strong><a href=\"https:\/\/www.aventureland.fr\/tarifs-et-reservations\/particuliers\/restauration-\" target=\"_blank\" rel=\"noreferrer noopener\">Snack des Aventuriers<\/a><\/strong>&nbsp;(plats chauds, sandwichs, salades, glaces&#8230;) et trouverez dans la&nbsp;<strong>Boutique<\/strong>&nbsp;tout ce dont vous avez besoin.<\/p>\n\n\n\n<p><em><strong>&nbsp;Osez l&rsquo;Aventure  au Parc Aventure Land !&nbsp;<\/strong><\/em><\/p>\n\n\n\n<p><a rel=\"noreferrer noopener\" href=\"http:\/\/www.aventureland.fr\/attractions-parc-loisirs.html\" target=\"_blank\">www.aventureland.fr\/attractions-parc-loisirs.html<\/a><\/p>\n","protected":false},"excerpt":{"rendered":"<p>Autour du Domaine d&rsquo;Ath\u00e9na vous pourrez avoir de nombreuses activit\u00e9s. Au del\u00e0 , bien s\u00fbr, de courtes promenades sur le domaine, vous pourrez aller jusqu&rsquo;au domaine de Villarceaux en partie par un sentier, le chemin des Porcherons, qui vous fera d\u00e9couvrir la for\u00eat et les sentiers du Vexin pour d\u00e9boucher sur les ch\u00e2teaux du Domaine &hellip; <a href=\"https:\/\/refuge-athena.fr\/?page_id=140\" class=\"more-link\">Continuer la lecture de <span class=\"screen-reader-text\">Activit\u00e9s<\/span>  <span class=\"meta-nav\">&rarr;<\/span><\/a><\/p>\n","protected":false},"author":1,"featured_media":0,"parent":0,"menu_order":0,"comment_status":"open","ping_status":"closed","template":"","meta":{"footnotes":""},"class_list":["post-140","page","type-page","status-publish","hentry"],"_links":{"self":[{"href":"https:\/\/refuge-athena.fr\/index.php?rest_route=\/wp\/v2\/pages\/140","targetHints":{"allow":["GET"]}}],"collection":[{"href":"https:\/\/refuge-athena.fr\/index.php?rest_route=\/wp\/v2\/pages"}],"about":[{"href":"https:\/\/refuge-athena.fr\/index.php?rest_route=\/wp\/v2\/types\/page"}],"author":[{"embeddable":true,"href":"https:\/\/refuge-athena.fr\/index.php?rest_route=\/wp\/v2\/users\/1"}],"replies":[{"embeddable":true,"href":"https:\/\/refuge-athena.fr\/index.php?rest_route=%2Fwp%2Fv2%2Fcomments&post=140"}],"version-history":[{"count":17,"href":"https:\/\/refuge-athena.fr\/index.php?rest_route=\/wp\/v2\/pages\/140\/revisions"}],"predecessor-version":[{"id":1060,"href":"https:\/\/refuge-athena.fr\/index.php?rest_route=\/wp\/v2\/pages\/140\/revisions\/1060"}],"wp:attachment":[{"href":"https:\/\/refuge-athena.fr\/index.php?rest_route=%2Fwp%2Fv2%2Fmedia&parent=140"}],"curies":[{"name":"wp","href":"https:\/\/api.w.org\/{rel}","templated":true}]}}