{"id":124,"date":"2021-08-11T17:22:16","date_gmt":"2021-08-11T15:22:16","guid":{"rendered":"http:\/\/refuge-athena.fr\/?page_id=124"},"modified":"2023-10-09T22:47:24","modified_gmt":"2023-10-09T20:47:24","slug":"le-vexin","status":"publish","type":"page","link":"https:\/\/refuge-athena.fr\/?page_id=124","title":{"rendered":"Le Vexin"},"content":{"rendered":"\n<p>Le&nbsp;<strong>Vexin<\/strong>&nbsp;est une r\u00e9gion du nord-ouest de la&nbsp;<a href=\"https:\/\/fr.wikipedia.org\/wiki\/France\">France<\/a>. On peut le d\u00e9limiter approximativement d&rsquo;est en ouest entre&nbsp;<a href=\"https:\/\/fr.wikipedia.org\/wiki\/Pontoise\">Pontoise<\/a>&nbsp;et&nbsp;<a href=\"https:\/\/fr.wikipedia.org\/wiki\/Romilly-sur-Andelle\">Romilly-sur-Andelle<\/a>&nbsp;\u2014&nbsp;environ vingt kilom\u00e8tres avant&nbsp;<a href=\"https:\/\/fr.wikipedia.org\/wiki\/Rouen\">Rouen<\/a>&nbsp;\u2014 et du nord au sud entre&nbsp;<a href=\"https:\/\/fr.wikipedia.org\/wiki\/Auneuil\">Auneuil<\/a>&nbsp;et la&nbsp;<a href=\"https:\/\/fr.wikipedia.org\/wiki\/Seine\">Seine<\/a>&nbsp;pr\u00e8s de&nbsp;<a href=\"https:\/\/fr.wikipedia.org\/wiki\/Vernon_(Eure)\">Vernon<\/a>.<\/p>\n\n\n\n<p>Il s&rsquo;\u00e9tend sur deux d\u00e9partements de l&rsquo;<a href=\"https:\/\/fr.wikipedia.org\/wiki\/%C3%8Ele-de-France\">\u00cele-de-France<\/a>&nbsp;(le&nbsp;<a href=\"https:\/\/fr.wikipedia.org\/wiki\/Val-d%27Oise\">Val-d&rsquo;Oise<\/a>&nbsp;et les&nbsp;<a href=\"https:\/\/fr.wikipedia.org\/wiki\/Yvelines\">Yvelines<\/a>) et sur un d\u00e9partement des&nbsp;<a href=\"https:\/\/fr.wikipedia.org\/wiki\/Hauts-de-France\">Hauts-de-France<\/a>&nbsp;(l&rsquo;<a href=\"https:\/\/fr.wikipedia.org\/wiki\/Oise_(d%C3%A9partement)\">Oise<\/a>), ce qui constitue historiquement le&nbsp;<a href=\"https:\/\/fr.wikipedia.org\/wiki\/Vexin_fran%C3%A7ais\">Vexin fran\u00e7ais<\/a>, ainsi que sur deux d\u00e9partements de&nbsp;<a href=\"https:\/\/fr.wikipedia.org\/wiki\/Normandie_(r%C3%A9gion_administrative)\">Normandie<\/a>&nbsp;(l&rsquo;<a href=\"https:\/\/fr.wikipedia.org\/wiki\/Eure_(d%C3%A9partement)\">Eure<\/a>&nbsp;et la&nbsp;<a href=\"https:\/\/fr.wikipedia.org\/wiki\/Seine-Maritime\">Seine-Maritime<\/a>), ce qui constitue le&nbsp;<a href=\"https:\/\/fr.wikipedia.org\/wiki\/Vexin_normand\">Vexin normand<\/a>.<\/p>\n\n\n\n<p>Le nom du Vexin, jadis&nbsp;<em>Veuguessin<\/em>, est issu du bas latin&nbsp;<em>Veliocassinus<\/em>, d\u00e9riv\u00e9 du nom du&nbsp;<a href=\"https:\/\/fr.wikipedia.org\/wiki\/Gaulois_(peuples)\">peuple gaulois<\/a>&nbsp;des&nbsp;<a href=\"https:\/\/fr.wikipedia.org\/wiki\/V%C3%A9liocasses\">V\u00e9liocasses<\/a>&nbsp;dont il formait une partie du territoire. La cr\u00e9ation du&nbsp;<em><a href=\"https:\/\/fr.wikipedia.org\/wiki\/Pagus\">pagus<\/a>&nbsp;Veliocassinus<\/em>&nbsp;va donner naissance par la suite au&nbsp;<em>pays du Vexin<\/em>.<\/p>\n\n\n\n<p>En 911, lors du&nbsp;<a href=\"https:\/\/fr.wikipedia.org\/wiki\/Trait%C3%A9_de_Saint-Clair-sur-Epte\">trait\u00e9 de Saint-Clair-sur-Epte<\/a>, quand le roi&nbsp;<a href=\"https:\/\/fr.wikipedia.org\/wiki\/Charles_III_le_Simple\">Charles&nbsp;<abbr title=\"3\">III<\/abbr>&nbsp;le Simple<\/a>&nbsp;doit abandonner un territoire au&nbsp;<a href=\"https:\/\/fr.wikipedia.org\/wiki\/Viking\">viking<\/a>&nbsp;<a href=\"https:\/\/fr.wikipedia.org\/wiki\/Rollon\">Rollon<\/a>, ce qui constituera plus tard une partie du&nbsp;<a href=\"https:\/\/fr.wikipedia.org\/wiki\/Duch%C3%A9_de_Normandie\">duch\u00e9 de Normandie<\/a>, le Vexin se retrouve scind\u00e9 en deux suivant le trac\u00e9 de la rivi\u00e8re&nbsp;<a href=\"https:\/\/fr.wikipedia.org\/wiki\/Epte\">Epte<\/a>, petit affluent de la Seine. C&rsquo;est la raison pour laquelle on parle de \u00ab&nbsp;Vexin normand&nbsp;\u00bb pour la partie ouest et de \u00ab&nbsp;Vexin fran\u00e7ais&nbsp;\u00bb pour la partie est.<\/p>\n\n\n\n<h2 class=\"wp-block-heading\"><a href=\"http:\/\/www.pnr-vexin-francais.fr\" data-type=\"URL\" data-id=\"www.pnr-vexin-francais.fr\">Le parc naturel r\u00e9gional du Vexin<\/a><\/h2>\n\n\n\n<p>En&nbsp;juin 1973, la cr\u00e9ation d&rsquo;un&nbsp;<a href=\"https:\/\/fr.wikipedia.org\/wiki\/Parc_naturel_r%C3%A9gional_de_France\">parc naturel r\u00e9gional<\/a>&nbsp;dans le&nbsp;<a href=\"https:\/\/fr.wikipedia.org\/wiki\/Vexin_fran%C3%A7ais\">Vexin<\/a>&nbsp;est \u00e0 l&rsquo;ordre du jour du Comit\u00e9 d&rsquo;expansion et de d\u00e9fense des int\u00e9r\u00eats du Vexin (CEDIV). Il est cr\u00e9\u00e9 par un d\u00e9cret du&nbsp;9 mai 1995<sup><a href=\"https:\/\/fr.wikipedia.org\/wiki\/Parc_naturel_r%C3%A9gional_du_Vexin_fran%C3%A7ais#cite_note-1\">1<\/a><\/sup>, il couvre une superficie de 65&nbsp;670 hectares dont 53&nbsp;686 ha dans le&nbsp;<a href=\"https:\/\/fr.wikipedia.org\/wiki\/Val-d%27Oise\">Val-d&rsquo;Oise<\/a>&nbsp;(78 communes) et 11&nbsp;984 ha dans les&nbsp;<a href=\"https:\/\/fr.wikipedia.org\/wiki\/Yvelines\">Yvelines<\/a>&nbsp;(20 communes) et concerne directement pr\u00e8s de 80&nbsp;000 habitants.<\/p>\n\n\n\n<p>La charte du parc pour la p\u00e9riode 2007-2019 a \u00e9t\u00e9 renouvel\u00e9e et r\u00e9vis\u00e9e avant la fin de l&rsquo;ann\u00e9e 2007. En 2008, cinq nouvelles communes ont rejoint le parc&nbsp;:&nbsp;<a href=\"https:\/\/fr.wikipedia.org\/wiki\/La_Chapelle-en-Vexin\">La Chapelle-en-Vexin<\/a>&nbsp;et&nbsp;<a href=\"https:\/\/fr.wikipedia.org\/wiki\/Ambleville_(Val-d%27Oise)\">Ambleville<\/a>&nbsp;(<a href=\"https:\/\/fr.wikipedia.org\/wiki\/Val-d%27Oise\">Val-d&rsquo;Oise<\/a>)&nbsp;;&nbsp;<a href=\"https:\/\/fr.wikipedia.org\/wiki\/%C3%89vecquemont\">\u00c9vecquemont<\/a>,&nbsp;<a href=\"https:\/\/fr.wikipedia.org\/wiki\/Vaux-sur-Seine\">Vaux-sur-Seine<\/a>&nbsp;et&nbsp;<a href=\"https:\/\/fr.wikipedia.org\/wiki\/Juziers\">Juziers<\/a>&nbsp;(<a href=\"https:\/\/fr.wikipedia.org\/wiki\/Yvelines\">Yvelines<\/a>)<sup><a href=\"https:\/\/fr.wikipedia.org\/wiki\/Parc_naturel_r%C3%A9gional_du_Vexin_fran%C3%A7ais#cite_note-2\">2<\/a><\/sup>.<\/p>\n\n\n\n<p>Son extension sur 9 communes situ\u00e9es en rive-gauche de la&nbsp;<a href=\"https:\/\/fr.wikipedia.org\/wiki\/Seine\">Seine<\/a>&nbsp;est engag\u00e9e en&nbsp;mars 2019&nbsp;et le parc devrait donc inclure en 2021&nbsp;<a href=\"https:\/\/fr.wikipedia.org\/wiki\/Bennecourt\">Bennecourt<\/a>,&nbsp;<a href=\"https:\/\/fr.wikipedia.org\/wiki\/Mousseaux-sur-Seine\">Mousseaux-sur-Seine<\/a>,&nbsp;<a href=\"https:\/\/fr.wikipedia.org\/wiki\/Limetz-Villez\">Limetz-Villez<\/a>,&nbsp;<a href=\"https:\/\/fr.wikipedia.org\/wiki\/Rolleboise\">Rolleboise<\/a>,&nbsp;<a href=\"https:\/\/fr.wikipedia.org\/wiki\/M%C3%A9ricourt_(Yvelines)\">M\u00e9ricourt<\/a>,&nbsp;<a href=\"https:\/\/fr.wikipedia.org\/wiki\/Freneuse_(Yvelines)\">Freneuse<\/a>,&nbsp;<a href=\"https:\/\/fr.wikipedia.org\/wiki\/Moisson_(Yvelines)\">Moisson<\/a>, Hardricourt et&nbsp;<a href=\"https:\/\/fr.wikipedia.org\/wiki\/Triel-sur-Seine\">Triel-sur-Seine<\/a><sup><a href=\"https:\/\/fr.wikipedia.org\/wiki\/Parc_naturel_r%C3%A9gional_du_Vexin_fran%C3%A7ais#cite_note-3\">3<\/a><\/sup><\/p>\n","protected":false},"excerpt":{"rendered":"<p>Le&nbsp;Vexin&nbsp;est une r\u00e9gion du nord-ouest de la&nbsp;France. On peut le d\u00e9limiter approximativement d&rsquo;est en ouest entre&nbsp;Pontoise&nbsp;et&nbsp;Romilly-sur-Andelle&nbsp;\u2014&nbsp;environ vingt kilom\u00e8tres avant&nbsp;Rouen&nbsp;\u2014 et du nord au sud entre&nbsp;Auneuil&nbsp;et la&nbsp;Seine&nbsp;pr\u00e8s de&nbsp;Vernon. Il s&rsquo;\u00e9tend sur deux d\u00e9partements de l&rsquo;\u00cele-de-France&nbsp;(le&nbsp;Val-d&rsquo;Oise&nbsp;et les&nbsp;Yvelines) et sur un d\u00e9partement des&nbsp;Hauts-de-France&nbsp;(l&rsquo;Oise), ce qui constitue historiquement le&nbsp;Vexin fran\u00e7ais, ainsi que sur deux d\u00e9partements de&nbsp;Normandie&nbsp;(l&rsquo;Eure&nbsp;et la&nbsp;Seine-Maritime), ce qui &hellip; <a href=\"https:\/\/refuge-athena.fr\/?page_id=124\" class=\"more-link\">Continuer la lecture de <span class=\"screen-reader-text\">Le Vexin<\/span>  <span class=\"meta-nav\">&rarr;<\/span><\/a><\/p>\n","protected":false},"author":1,"featured_media":0,"parent":0,"menu_order":0,"comment_status":"closed","ping_status":"closed","template":"","meta":{"footnotes":""},"class_list":["post-124","page","type-page","status-publish","hentry"],"_links":{"self":[{"href":"https:\/\/refuge-athena.fr\/index.php?rest_route=\/wp\/v2\/pages\/124","targetHints":{"allow":["GET"]}}],"collection":[{"href":"https:\/\/refuge-athena.fr\/index.php?rest_route=\/wp\/v2\/pages"}],"about":[{"href":"https:\/\/refuge-athena.fr\/index.php?rest_route=\/wp\/v2\/types\/page"}],"author":[{"embeddable":true,"href":"https:\/\/refuge-athena.fr\/index.php?rest_route=\/wp\/v2\/users\/1"}],"replies":[{"embeddable":true,"href":"https:\/\/refuge-athena.fr\/index.php?rest_route=%2Fwp%2Fv2%2Fcomments&post=124"}],"version-history":[{"count":4,"href":"https:\/\/refuge-athena.fr\/index.php?rest_route=\/wp\/v2\/pages\/124\/revisions"}],"predecessor-version":[{"id":1059,"href":"https:\/\/refuge-athena.fr\/index.php?rest_route=\/wp\/v2\/pages\/124\/revisions\/1059"}],"wp:attachment":[{"href":"https:\/\/refuge-athena.fr\/index.php?rest_route=%2Fwp%2Fv2%2Fmedia&parent=124"}],"curies":[{"name":"wp","href":"https:\/\/api.w.org\/{rel}","templated":true}]}}